{"id":1170,"date":"2024-06-22T19:28:14","date_gmt":"2024-06-22T17:28:14","guid":{"rendered":"https:\/\/www.kirschbaumkindergarten.de\/?page_id=1170"},"modified":"2024-06-22T19:28:25","modified_gmt":"2024-06-22T17:28:25","slug":"datenschutz","status":"publish","type":"page","link":"https:\/\/www.kirschbaumkindergarten.de\/?page_id=1170","title":{"rendered":"Datenschutz"},"content":{"rendered":"\n  \n    <section class=\"u-align-left u-clearfix u-section-1\" id=\"sec-bb8c\">\n      <div class=\"u-clearfix u-sheet u-valign-middle u-sheet-1\">\n        <div class=\"fr-view u-clearfix u-rich-text u-text u-text-1\">\n          <h3 id=\"isPasted\">\n            <span class=\"u-text-custom-color-2\">DATENSCHUTZERKL\u00c4RUNG<\/span>\n          <\/h3>\n          <p>\n            <span style=\"font-weight: 700;\">STAND: 18-5-2018<\/span>\n          <\/p>\n          <h4>\n            <span class=\"u-text-custom-color-3\" style=\"font-weight: 700;\">G\u00fcltigkeit<\/span>\n          <\/h4>\n          <p>Diese Datenschutzerkl\u00e4rung befindet sich derzeit in \u00dcberarbeitung.&nbsp;Die gesetzlichen Anforderungen an diese Datenschutzerkl\u00e4rung werden derzeit von uns eingehend gepr\u00fcft und notwendige \u00c4nderungen bei Bekanntwerden umgehend vorgenommen. Die vorliegende Fassung wurde nach bestem Wissen und Gewissen erstellt.<\/p>\n          <h4>\n            <span class=\"u-text-custom-color-3\" style=\"font-weight: 700;\">Datenschutzhinweise<\/span>\n          <\/h4>\n          <p>des Kirschbaum-Kindergarten e.V., Gerhardstr. 17, 81543 M\u00fcnchen\nDetails siehe <a class=\"u-active-none u-border-none u-btn u-button-style u-hover-none u-none u-text-palette-1-base u-btn-1\" href=\"https:\/\/www.kirschbaumkindergarten.de\/?page_id=1177\">Impressum<\/a> dieses Internetangebots.\n          <\/p>\n          <h4>\n            <span class=\"u-text-custom-color-3\" style=\"font-weight: 700;\">Inhalt<\/span>\n          <\/h4>\n          <ol style=\"box-sizing: border-box; margin: 0px; padding: 0px 0px 1em 1.5em; line-height: 24px; font-family: &quot;Alfa Slab One&quot;, Oswald, Arial, sans-serif; font-size: 18px; font-weight: 400; color: rgb(0, 0, 0); letter-spacing: normal; list-style-position: inside; font-style: normal; font-variant-ligatures: normal; font-variant-caps: normal; orphans: 2; text-align: start; text-indent: 0px; text-transform: none; white-space: normal; widows: 2; word-spacing: 0px; -webkit-text-stroke-width: 0px; background-color: rgb(255, 255, 255); text-decoration-thickness: initial; text-decoration-style: initial; text-decoration-color: initial;\">\n            <li style=\"box-sizing: border-box; font-family: &quot;Alfa Slab One&quot;, Oswald, Arial, sans-serif; font-size: 18px; font-weight: normal; line-height: 24px; color: rgb(0, 0, 0); letter-spacing: inherit;\">Name und Kontaktdaten der verantwortlichen Stelle<\/li>\n            <li style=\"box-sizing: border-box; font-family: &quot;Alfa Slab One&quot;, Oswald, Arial, sans-serif; font-size: 18px; font-weight: normal; line-height: 24px; color: rgb(0, 0, 0); letter-spacing: inherit;\">Erhebung und Speicherung personenbezogener Daten; Art, Zweck und Verwendung<\/li>\n            <li style=\"box-sizing: border-box; font-family: &quot;Alfa Slab One&quot;, Oswald, Arial, sans-serif; font-size: 18px; font-weight: normal; line-height: 24px; color: rgb(0, 0, 0); letter-spacing: inherit;\">Weitergabe von Daten an Dritte<\/li>\n            <li style=\"box-sizing: border-box; font-family: &quot;Alfa Slab One&quot;, Oswald, Arial, sans-serif; font-size: 18px; font-weight: normal; line-height: 24px; color: rgb(0, 0, 0); letter-spacing: inherit;\">Ihre Rechte als betroffene Person<\/li>\n            <li style=\"box-sizing: border-box; font-family: &quot;Alfa Slab One&quot;, Oswald, Arial, sans-serif; font-size: 18px; font-weight: normal; line-height: 24px; color: rgb(0, 0, 0); letter-spacing: inherit;\">Ihr Recht auf Widerspruch<\/li>\n            <li style=\"box-sizing: border-box; font-family: &quot;Alfa Slab One&quot;, Oswald, Arial, sans-serif; font-size: 18px; font-weight: normal; line-height: 24px; color: rgb(0, 0, 0); letter-spacing: inherit;\">Datenverarbeitung online<\/li>\n          <\/ol>\n          <p>\n            <span style=\"font-weight: 700;\">1. Name und Kontaktdaten der verantwortlichen Stelle<\/span>\n          <\/p>\n          <p>Diese Datenschutzhinweise gelten f\u00fcr uns, Kirschbaum-Kindergarten e.V., Gerhardstr. 17, 81543 M\u00fcnchen.&nbsp;<span style=\"font-weight: 700;\">Datenschutzbeauftragter<\/span>&nbsp;ist der Vorstand, Kontakt \u00fcber Tel. 089 663810 oder Email vorstand@kirschbaumkindergarten.de.\n          <\/p>\n          <p>\n            <span style=\"font-weight: 700;\">2. Erhebung und Speicherung personenbezogener Daten; Art, Zweck und Verwendung<\/span>\n          <\/p>\n          <p>Bei Vertragsabschluss mit dem Kirschbaum-Kindergarten e.V. treten folgende Ma\u00dfnahmen in Kraft:<\/p>\n          <p>Bei&nbsp;<span style=\"font-weight: 700;\">Abschluss eines Betreuungsvertrags<\/span>&nbsp;werden folgende personenbezogene Daten sowohl f\u00fcr das zu betreuende Kind, als auch f\u00fcr alle Erziehungsberechtigten abgefragt und gespeichert:\n          <\/p>\n          <p style=\"line-height: 1;\">-Vorname, Nachname<\/p>\n          <p style=\"line-height: 1;\">-Geburtsdatum (nur des Kindes)<\/p>\n          <p style=\"line-height: 1;\">-Anschrift<\/p>\n          <p style=\"line-height: 1;\">-Kontaktdaten wie E-Mail-Adresse, Festnetz und Mobilfunknummer, ggf. Faxnummer (wenn vorhanden &amp; gew\u00fcnscht)<\/p>\n          <p style=\"line-height: 1;\">-Vorname, Nachname und Telefonnummer von weiteren Bezugspersonen, die im Notfall das Kind abholen d\u00fcrfen<\/p>\n          <p>Bei&nbsp;<span style=\"font-weight: 700;\">Antrag auf Mitgliedschaft<\/span>&nbsp;im Verein (g\u00fcltig f\u00fcr die ganze Familie) werden folgende personenbezogene Daten von mindestens einem vollj\u00e4hrigen Familienmitglied gespeichert. Die Entscheidung, von welchem Familienmitglied die Daten gespeichert werden, obliegt der Familie:\n          <\/p>\n          <p style=\"line-height: 1;\">- Vorname, Nachname<\/p>\n          <p style=\"line-height: 1;\">- Anschrift<\/p>\n          <p style=\"line-height: 1;\">- Kontaktdaten wie E-Mail-Adresse, Festnetz und Mobilfunknummer, ggf. Faxnummer (wenn vorhanden &amp; gew\u00fcnscht)<\/p>\n          <p style=\"line-height: 1;\">- Bankverbindung f\u00fcr die Abbuchung des Mitgliedsbeitrags<\/p>\n          <p>Bei&nbsp;<span style=\"font-weight: 700;\">Abschluss eines Arbeitsvertrags<\/span>&nbsp;werden folgende personenbezogene Daten von dem Mitarbeiter gespeichert:\n          <\/p>\n          <p style=\"line-height: 1;\">- Vorname, Nachname<\/p>\n          <p style=\"line-height: 1;\">- Geburtsdatum<\/p>\n          <p style=\"line-height: 1;\">- Anschrift<\/p>\n          <p style=\"line-height: 1;\">- Kontaktdaten wie E-Mail-Adresse, Festnetz und Mobilfunknummer, ggf. Faxnummer (wenn vorhanden &amp; gew\u00fcnscht)<\/p>\n          <p style=\"line-height: 1;\">- Religionszugeh\u00f6rigkeit<\/p>\n          <p style=\"line-height: 1;\">- Gesetzlich notwendige Daten f\u00fcr die organisatorische Abwicklung im Rahmen des Anstellungsverh\u00e4ltnisses (Bankverbindung, Sozialversicherungsnummer, Steuer ID, Daten zur Krankenkasse, betrieblichen Altersvorsorge usw.)<\/p>\n          <p>Bei&nbsp;<span style=\"font-weight: 700;\">Antrag auf Newsletter<\/span>&nbsp;werden folgende personenbezogene Daten gespeichert:\n          <\/p>\n          <p style=\"line-height: 1;\">- Vorname, Nachname<\/p>\n          <p style=\"line-height: 1;\">- Anschrift<\/p>\n          <p style=\"line-height: 1;\">- Kontaktdaten wie E-Mail-Adresse, Festnetz und Mobilfunknummer, ggf. Faxnummer (wenn vorhanden &amp; gew\u00fcnscht)<\/p>\n          <p>Die Erhebung der personenbezogenen Daten erfolgt,<\/p>\n          <p style=\"line-height: 1;\">- um unsere Pflichten aus den jeweiligen Vertr\u00e4gen mit Ihnen erf\u00fcllen zu k\u00f6nnen,<\/p>\n          <p style=\"line-height: 1;\">- um unseren gesetzlichen Verpflichtungen nachkommen zu k\u00f6nnen, insbesondere bei Betreuungsvertr\u00e4gen und Arbeitsvertr\u00e4gen,<\/p>\n          <p style=\"line-height: 1;\">- zur Korrespondenz mit Ihnen,<\/p>\n          <p style=\"line-height: 1;\">- ggf. zur Rechnungsstellung bzw. ggf. im Rahmen des Mahnwesens,<\/p>\n          <p style=\"line-height: 1;\">- zu Zwecken der Zusendung von Informationen<\/p>\n          <p>Die erhobenen personenbezogenen Daten werden bis zum Ablauf der gesetzlichen Aufbewahrungspflicht gespeichert und danach gel\u00f6scht. Dies gilt ausnahmsweise nicht, wenn wir aufgrund von steuer- oder handelsrechtlichen Aufbewahrungspflichten (gem\u00e4\u00df HGB, StGB oder AO) zu einer l\u00e4ngeren Speicherung verpflichtet sind oder wenn Sie in eine dar\u00fcber hinausgehende Speicherung eingewilligt haben.<\/p>\n          <p>\n            <span style=\"font-weight: 700;\">3. Weitergabe von Daten an Dritte<\/span>\n          <\/p>\n          <p>Eine \u00dcbermittlung Ihrer personenbezogenen Daten an Dritte findet grunds\u00e4tzlich nicht statt. Ausnahmen hiervon gelten nur, soweit dies f\u00fcr die Abwicklung von Vertragsverh\u00e4ltnissen mit Ihnen erforderlich ist. Hierzu z\u00e4hlt insbesondere die Weitergabe an von uns beauftragte Dienstleister (sog. Auftragsverarbeiter) oder sonstige Dritte, deren T\u00e4tigkeit f\u00fcr die Vertragsdurchf\u00fchrung bzw. die Erf\u00fcllung von Serviceleistungen f\u00fcr Mitglieder erforderlich ist (z.B. Steuerberater zur Gehaltsabrechnung, Bankinstitut zum Einzug der Mitgliedsbeitr\u00e4ge). Die weitergegebenen Daten d\u00fcrfen von den Dritten ausschlie\u00dflich zu den genannten Zwecken verwendet werden.<\/p>\n          <p>\n            <span style=\"font-weight: 700;\">4. Ihre Rechte als betroffene Person<\/span>\n          <\/p>\n          <p>Ihnen als von der Datenverarbeitung betroffener Person stehen verschiedene Rechte zu:<\/p>\n          <p>- <span style=\"font-weight: 700;\">Widerrufsrecht<\/span>\n          <\/p>\n          <p>Von Ihnen erteilte Einwilligungen k\u00f6nnen Sie jederzeit uns gegen\u00fcber widerrufen. Die Datenverarbeitung, die auf der widerrufenen Einwilligung beruht, darf dann f\u00fcr die Zukunft nicht mehr fortgef\u00fchrt werden.<\/p>\n          <p>- <span style=\"font-weight: 700;\">Auskunftsrecht<\/span>\n          <\/p>\n          <p>Sie k\u00f6nnen Auskunft \u00fcber Ihre von uns verarbeiteten personenbezogenen Daten verlangen. Dies gilt insbesondere f\u00fcr die Zwecke der Datenverarbeitungen, die Kategorien der personenbezogenen Daten, ggf. die Kategorien von Empf\u00e4ngern, die Speicherdauer, ggf. die Herkunft Ihrer Daten sowie ggf. f\u00fcr das Bestehen einer automatisierten Entscheidungsfindung einschlie\u00dflich Profiling und ggf. aussagekr\u00e4ftigen Informationen zu deren Details.<\/p>\n          <p>- <span style=\"font-weight: 700;\">Berichtigungsrecht<\/span>\n          <\/p>\n          <p>Sie k\u00f6nnen die Berichtigung unrichtiger oder die Vervollst\u00e4ndigung Ihrer bei uns gespeicherten personenbezogenen Daten verlangen.<\/p>\n          <p>- <span style=\"font-weight: 700;\">L\u00f6schungsrecht<\/span>\n          <\/p>\n          <p>Sie k\u00f6nnen die L\u00f6schung Ihrer bei uns gespeicherten personenbezogenen Daten verlangen, soweit deren Verarbeitung nicht zur Aus\u00fcbung des Rechts auf freie Meinungs\u00e4u\u00dferung und Information, zur Erf\u00fcllung einer rechtlichen Verpflichtung, aus Gr\u00fcnden des \u00f6ffentlichen Interesses oder zur Geltendmachung, Aus\u00fcbung oder Verteidigung von Rechtsanspr\u00fcchen erforderlich ist.<\/p>\n          <p>- <span style=\"font-weight: 700;\">Recht auf Einschr\u00e4nkung der Verarbeitung<\/span>\n          <\/p>\n          <p>Sie k\u00f6nnen die Einschr\u00e4nkung der Verarbeitung Ihrer personenbezogenen Daten verlangen, soweit die Richtigkeit der Daten von Ihnen bestritten wird, die Verarbeitung unrechtm\u00e4\u00dfig ist, Sie aber deren L\u00f6schung ablehnen. Au\u00dferdem steht Ihnen dieses Recht zu, wenn wir die Daten nicht mehr ben\u00f6tigen, Sie diese jedoch zur Geltendmachung, Aus\u00fcbung oder Verteidigung von Rechtsanspr\u00fcchen ben\u00f6tigen. Dar\u00fcber hinaus haben Sie dieses Recht, wenn Sie Widerspruch gegen die Verarbeitung Ihrer personenbezogenen Daten eingelegt haben.<\/p>\n          <p>- <span style=\"font-weight: 700;\">Recht auf Daten\u00fcbertragbarkeit<\/span>\n          <\/p>\n          <p>Sie k\u00f6nnen verlangen, dass wir Ihnen Ihre personenbezogenen Daten, die Sie uns bereitgestellt haben, in einem strukturierten, g\u00e4ngigen und maschinenlesebaren Format \u00fcbermitteln. Alternativ k\u00f6nnen Sie die direkte \u00dcbermittlung der von Ihnen uns bereitgestellten personenbezogenen Daten an einen anderen Verantwortlichen verlangen, soweit dies m\u00f6glich ist.<\/p>\n          <p>- <span style=\"font-weight: 700;\">Beschwerderecht<\/span>\n          <\/p>\n          <p>Sie k\u00f6nnen sich bei der f\u00fcr uns zust\u00e4ndigen Aufsichtsbeh\u00f6rde beschweren, z.B. wenn Sie der Ansicht sind, dass wir Ihre personenbezogenen Daten in unrechtm\u00e4\u00dfiger Weise verarbeiten. Die f\u00fcr uns zust\u00e4ndige Beh\u00f6rde ist:<\/p>\n          <p>\n            <span style=\"font-weight: 700;\">Bayerisches Landesamt f\u00fcr Datenschutzaufsicht<\/span>,&nbsp;Postfach 606, 91511 Ansbach, Deutschland, Telefon +49 (0) 981 53 1300, Telefax +49 (0) 981 53 98 1300, E-Mail poststelle@lda.bayern.de, Internet&nbsp;www.lda.bayern.de\n          <\/p>\n          <p>\n            <span style=\"font-weight: 700;\">5. Ihr Recht auf Widerspruch<\/span>\n          <\/p>\n          <p>Sofern wir Ihre personenbezogenen Daten auf Basis eines berechtigten Interesses verarbeiten, haben Sie das Recht, Widerspruch gegen diese Verarbeitung einzulegen. M\u00f6chten Sie von Ihrem Widerspruchsrecht Gebrauch machen, gen\u00fcgt eine Mitteilung in Textform. Sie k\u00f6nnen uns also gerne anschreiben, ein Fax schicken oder sich per E-Mail an uns wenden. Unsere Kontaktdaten finden Sie unter Punkt 1. dieser Datenschutzhinweise.<\/p>\n          <p>\n            <span style=\"font-weight: 700;\">6. Datenverarbeitung online<\/span>\n          <\/p>\n          <p>Auch \u00fcber unsere Internetseite unter&nbsp;www.kirschbaumkindergarten.de&nbsp;erfolgt die Verarbeitung bestimmter personenbezogener Daten, u.a. der IP-Adresse der Website-Besucher.<\/p>\n          <p>\n            <span style=\"font-weight: 700;\">Cookies<\/span>\n          <\/p>\n          <p>Die Internetseite&nbsp;verwender&nbsp;teilweise so genannte Cookies. Cookies richten auf Ihrem Rechner keinen Schaden an und enthalten keine Viren. Cookies dienen dazu, unser Angebot nutzerfreundlicher, effektiver und sicherer zu machen. Cookies sind kleine Textdateien, die auf Ihrem Rechner abgelegt werden und die Ihr Browser speichert.<\/p>\n          <p>Die meisten der von uns verwendeten Cookies sind so genannte \u201eSession-Cookies\u201c. Sie werden nach Ende Ihres Besuchs automatisch gel\u00f6scht. Andere Cookies bleiben auf Ihrem Endger\u00e4t gespeichert, bis Sie diese l\u00f6schen. Diese Cookies erm\u00f6glichen es uns, Ihren Browser beim n\u00e4chsten Besuch wiederzuerkennen.<\/p>\n          <p>Sie k\u00f6nnen Ihren Browser so einstellen, dass Sie \u00fcber das Setzen von Cookies informiert werden und Cookies nur im Einzelfall erlauben, die Annahme von Cookies f\u00fcr bestimmte F\u00e4lle oder generell ausschlie\u00dfen sowie das automatische L\u00f6schen der Cookies beim Schlie\u00dfen des Browser aktivieren. Bei der Deaktivierung von Cookies kann die Funktionalit\u00e4t dieser Website eingeschr\u00e4nkt sein.<\/p>\n          <p>\n            <span style=\"font-weight: 700;\">Server-Log-Files<\/span>\n          <\/p>\n          <p>Der Provider der Seiten erhebt und speichert automatisch Informationen in so genannten Server-Log Files, die Ihr Browser automatisch an uns \u00fcbermittelt. Dies sind:<\/p>\n          <ul style=\"box-sizing: border-box; margin: 0px; padding: 0px 0px 1em 1.5em; line-height: 24px; font-family: &quot;Alfa Slab One&quot;, Oswald, Arial, sans-serif; font-size: 18px; font-weight: 400; color: rgb(0, 0, 0); letter-spacing: normal; font-style: normal; font-variant-ligatures: normal; font-variant-caps: normal; orphans: 2; text-align: start; text-indent: 0px; text-transform: none; white-space: normal; widows: 2; word-spacing: 0px; -webkit-text-stroke-width: 0px; background-color: rgb(255, 255, 255); text-decoration-thickness: initial; text-decoration-style: initial; text-decoration-color: initial;\">\n            <li style=\"box-sizing: border-box; font-family: &quot;Alfa Slab One&quot;, Oswald, Arial, sans-serif; font-size: 18px; font-weight: normal; line-height: 24px; color: rgb(0, 0, 0); letter-spacing: inherit;\">Browsertyp und Browserversion<\/li>\n            <li style=\"box-sizing: border-box; font-family: &quot;Alfa Slab One&quot;, Oswald, Arial, sans-serif; font-size: 18px; font-weight: normal; line-height: 24px; color: rgb(0, 0, 0); letter-spacing: inherit;\">verwendetes Betriebssystem<\/li>\n            <li style=\"box-sizing: border-box; font-family: &quot;Alfa Slab One&quot;, Oswald, Arial, sans-serif; font-size: 18px; font-weight: normal; line-height: 24px; color: rgb(0, 0, 0); letter-spacing: inherit;\">Referrer URL<\/li>\n            <li style=\"box-sizing: border-box; font-family: &quot;Alfa Slab One&quot;, Oswald, Arial, sans-serif; font-size: 18px; font-weight: normal; line-height: 24px; color: rgb(0, 0, 0); letter-spacing: inherit;\">Hostname des zugreifenden Rechners<\/li>\n            <li style=\"box-sizing: border-box; font-family: &quot;Alfa Slab One&quot;, Oswald, Arial, sans-serif; font-size: 18px; font-weight: normal; line-height: 24px; color: rgb(0, 0, 0); letter-spacing: inherit;\">Uhrzeit der Serveranfrage<\/li>\n          <\/ul>\n          <p>Diese Daten sind nicht bestimmten Personen zuordenbar. Eine Zusammenf\u00fchrung dieser Daten mit anderen Datenquellen wird nicht vorgenommen. Wir behalten uns vor, diese Daten nachtr\u00e4glich zu pr\u00fcfen, wenn uns konkrete Anhaltspunkte f\u00fcr eine rechtswidrige Nutzung bekannt werden.<\/p>\n        <\/div>\n      <\/div>\n    <\/section>\n    \n    \n    \n    \n  \n","protected":false},"excerpt":{"rendered":"<p>DATENSCHUTZERKL\u00c4RUNG STAND: 18-5-2018 G\u00fcltigkeit Diese Datenschutzerkl\u00e4rung befindet sich derzeit in \u00dcberarbeitung.&nbsp;Die gesetzlichen Anforderungen an diese Datenschutzerkl\u00e4rung werden derzeit von uns eingehend gepr\u00fcft und notwendige \u00c4nderungen bei Bekanntwerden umgehend vorgenommen. Die vorliegende Fassung wurde nach bestem Wissen und Gewissen erstellt. Datenschutzhinweise des Kirschbaum-Kindergarten e.V., Gerhardstr. 17, 81543 M\u00fcnchen Details siehe Impressum dieses Internetangebots. Inhalt Name und &hellip; <a href=\"https:\/\/www.kirschbaumkindergarten.de\/?page_id=1170\" class=\"more-link\">Continue reading<span class=\"screen-reader-text\"> &#8222;Datenschutz&#8220;<\/span><\/a><\/p>\n","protected":false},"author":1,"featured_media":0,"parent":0,"menu_order":3,"comment_status":"closed","ping_status":"closed","template":"","meta":{"footnotes":""},"class_list":["post-1170","page","type-page","status-publish","hentry"],"_links":{"self":[{"href":"https:\/\/www.kirschbaumkindergarten.de\/index.php?rest_route=\/wp\/v2\/pages\/1170","targetHints":{"allow":["GET"]}}],"collection":[{"href":"https:\/\/www.kirschbaumkindergarten.de\/index.php?rest_route=\/wp\/v2\/pages"}],"about":[{"href":"https:\/\/www.kirschbaumkindergarten.de\/index.php?rest_route=\/wp\/v2\/types\/page"}],"author":[{"embeddable":true,"href":"https:\/\/www.kirschbaumkindergarten.de\/index.php?rest_route=\/wp\/v2\/users\/1"}],"replies":[{"embeddable":true,"href":"https:\/\/www.kirschbaumkindergarten.de\/index.php?rest_route=%2Fwp%2Fv2%2Fcomments&post=1170"}],"version-history":[{"count":1,"href":"https:\/\/www.kirschbaumkindergarten.de\/index.php?rest_route=\/wp\/v2\/pages\/1170\/revisions"}],"predecessor-version":[{"id":1182,"href":"https:\/\/www.kirschbaumkindergarten.de\/index.php?rest_route=\/wp\/v2\/pages\/1170\/revisions\/1182"}],"wp:attachment":[{"href":"https:\/\/www.kirschbaumkindergarten.de\/index.php?rest_route=%2Fwp%2Fv2%2Fmedia&parent=1170"}],"curies":[{"name":"wp","href":"https:\/\/api.w.org\/{rel}","templated":true}]}}